{"id":697,"date":"2021-01-27T18:55:52","date_gmt":"2021-01-27T18:55:52","guid":{"rendered":"http:\/\/www2.gamperhof.net\/?page_id=697"},"modified":"2026-03-27T10:14:09","modified_gmt":"2026-03-27T10:14:09","slug":"ferienwohnungen","status":"publish","type":"page","link":"http:\/\/www.gamperhof.net\/it\/ferienwohnungen\/","title":{"rendered":"Appartamenti Vacanze"},"content":{"rendered":"<div class=\"vc_row wpb_row vc_row-fluid\"><div class=\"vc_row wpb_row vc_inner vc_row-fluid vc_custom_1612808007614 vc_row-has-fill vc_column-gap-10 vc_row-o-equal-height vc_row-flex\"><div class=\"wpb_column vc_column_container vc_col-sm-6\"><div class=\"vc_column-inner\"><div class=\"wpb_wrapper\"><h4 style=\"text-align: left\" class=\"vc_custom_heading\" >NOVIT\u00c0: Appartamento Granny<\/h4>\n<div class=\"vc_grid-container-wrapper vc_clearfix\">\n\t<div class=\"vc_grid-container vc_clearfix wpb_content_element vc_media_grid\" data-initial-loading-animation=\"fadeIn\" data-vc-grid-settings=\"{&quot;page_id&quot;:697,&quot;style&quot;:&quot;pagination&quot;,&quot;action&quot;:&quot;vc_get_vc_grid_data&quot;,&quot;shortcode_id&quot;:&quot;1774606204324-eb799f35d956e20a55fd59cc8a2a0b34-4&quot;,&quot;items_per_page&quot;:&quot;1&quot;,&quot;auto_play&quot;:false,&quot;gap&quot;:5,&quot;speed&quot;:-1000,&quot;loop&quot;:&quot;&quot;,&quot;animation_in&quot;:&quot;none&quot;,&quot;animation_out&quot;:&quot;&quot;,&quot;arrows_design&quot;:&quot;none&quot;,&quot;arrows_color&quot;:&quot;blue&quot;,&quot;arrows_position&quot;:&quot;inside&quot;,&quot;paging_design&quot;:&quot;radio_dots&quot;,&quot;paging_color&quot;:&quot;grey&quot;,&quot;tag&quot;:&quot;vc_media_grid&quot;}\" data-vc-request=\"http:\/\/www.gamperhof.net\/wp-admin\/admin-ajax.php\" data-vc-post-id=\"697\" data-vc-public-nonce=\"53992a5612\">\n\t\t\n\t<\/div>\n<\/div>\n\t<div class=\"wpb_text_column wpb_content_element  vc_custom_1612808898393\" >\n\t\t<div class=\"wpb_wrapper\">\n\t\t\t<ul>\n<li>Dimensioni: 45m\u00b2<\/li>\n<li>Persone: 2-4<\/li>\n<li>due camere da letto separate<\/li>\n<li>Balcone<\/li>\n<li>Cucina<\/li>\n<li>SAT-TV<\/li>\n<li>WLAN gratuito<\/li>\n<li>Tresore<\/li>\n<li>Doccia \/ WC<\/li>\n<\/ul>\n\n\t\t<\/div>\n\t<\/div>\n<div class=\"vc_btn3-container vc_btn3-inline\" ><a style=\"background-color:#990000; color:#ffffff;\" class=\"vc_general vc_btn3 vc_btn3-size-md vc_btn3-shape-square vc_btn3-style-custom\" href=\"mailto:%20info@gamperhof.net?subject=Anfrage%20Wohnung%20Granny\" title=\"\">ab 78,00 - 150,00\u20ac pro Nacht<\/a><\/div><div class=\"vc_separator wpb_content_element vc_separator_align_center vc_sep_width_100 vc_sep_pos_align_center vc_separator_no_text vc_sep_color_grey\" ><span class=\"vc_sep_holder vc_sep_holder_l\"><span  class=\"vc_sep_line\"><\/span><\/span><span class=\"vc_sep_holder vc_sep_holder_r\"><span  class=\"vc_sep_line\"><\/span><\/span>\n<\/div><\/div><\/div><\/div><div class=\"wpb_column vc_column_container vc_col-sm-6\"><div class=\"vc_column-inner\"><div class=\"wpb_wrapper\"><h4 style=\"text-align: left\" class=\"vc_custom_heading\" >NOVIT\u00c0: Appartamento Gala<\/h4>\n<div class=\"vc_grid-container-wrapper vc_clearfix\">\n\t<div class=\"vc_grid-container vc_clearfix wpb_content_element vc_media_grid\" data-initial-loading-animation=\"fadeIn\" data-vc-grid-settings=\"{&quot;page_id&quot;:697,&quot;style&quot;:&quot;pagination&quot;,&quot;action&quot;:&quot;vc_get_vc_grid_data&quot;,&quot;shortcode_id&quot;:&quot;1774606204396-767ab018dd1c8aa51ee257681d1e03f6-7&quot;,&quot;items_per_page&quot;:&quot;1&quot;,&quot;auto_play&quot;:false,&quot;gap&quot;:5,&quot;speed&quot;:-1000,&quot;loop&quot;:&quot;&quot;,&quot;animation_in&quot;:&quot;&quot;,&quot;animation_out&quot;:&quot;&quot;,&quot;arrows_design&quot;:&quot;none&quot;,&quot;arrows_color&quot;:&quot;blue&quot;,&quot;arrows_position&quot;:&quot;inside&quot;,&quot;paging_design&quot;:&quot;radio_dots&quot;,&quot;paging_color&quot;:&quot;grey&quot;,&quot;tag&quot;:&quot;vc_media_grid&quot;}\" data-vc-request=\"http:\/\/www.gamperhof.net\/wp-admin\/admin-ajax.php\" data-vc-post-id=\"697\" data-vc-public-nonce=\"53992a5612\">\n\t\t\n\t<\/div>\n<\/div>\n\t<div class=\"wpb_text_column wpb_content_element  vc_custom_1612808986354\" >\n\t\t<div class=\"wpb_wrapper\">\n\t\t\t<ul>\n<li style=\"text-align: left\">Dimensioni: 45m\u00b2<\/li>\n<li style=\"text-align: left\">Persone: 2-4<\/li>\n<li style=\"text-align: left\">due camere da letto separate<\/li>\n<li style=\"text-align: left\">Balcone<\/li>\n<li style=\"text-align: left\">Cucina<\/li>\n<li style=\"text-align: left\">SAT-TV<\/li>\n<li style=\"text-align: left\">WLAN gratuito<\/li>\n<li style=\"text-align: left\">Tresore<\/li>\n<li style=\"text-align: left\">Doccia \/ WC<\/li>\n<\/ul>\n\n\t\t<\/div>\n\t<\/div>\n<div class=\"vc_btn3-container vc_btn3-right\" ><a style=\"background-color:#990000; color:#ffffff;\" class=\"vc_general vc_btn3 vc_btn3-size-md vc_btn3-shape-square vc_btn3-style-custom\" href=\"mailto:info@gamperhof.net?subject=AnfrageWohnungGranny\" title=\"\">ab 78,00 - 150,00\u20ac pro Nacht<\/a><\/div><div class=\"vc_separator wpb_content_element vc_separator_align_center vc_sep_width_100 vc_sep_pos_align_center vc_separator_no_text vc_sep_color_grey\" ><span class=\"vc_sep_holder vc_sep_holder_l\"><span  class=\"vc_sep_line\"><\/span><\/span><span class=\"vc_sep_holder vc_sep_holder_r\"><span  class=\"vc_sep_line\"><\/span><\/span>\n<\/div><\/div><\/div><\/div><\/div><div class=\"vc_row wpb_row vc_inner vc_row-fluid vc_custom_1612808007614 vc_row-has-fill vc_column-gap-10 vc_row-o-equal-height vc_row-flex\"><div class=\"wpb_column vc_column_container vc_col-sm-6\"><div class=\"vc_column-inner\"><div class=\"wpb_wrapper\"><h4 style=\"text-align: left\" class=\"vc_custom_heading\" >Appartamento Stark<\/h4>\n<div class=\"vc_grid-container-wrapper vc_clearfix\">\n\t<div class=\"vc_grid-container vc_clearfix wpb_content_element vc_media_grid\" data-initial-loading-animation=\"fadeIn\" data-vc-grid-settings=\"{&quot;page_id&quot;:697,&quot;style&quot;:&quot;pagination&quot;,&quot;action&quot;:&quot;vc_get_vc_grid_data&quot;,&quot;shortcode_id&quot;:&quot;1774606204453-cb074e95ceb804a244eca684b6064e9a-3&quot;,&quot;items_per_page&quot;:&quot;1&quot;,&quot;auto_play&quot;:false,&quot;gap&quot;:5,&quot;speed&quot;:-1000,&quot;loop&quot;:&quot;&quot;,&quot;animation_in&quot;:&quot;&quot;,&quot;animation_out&quot;:&quot;&quot;,&quot;arrows_design&quot;:&quot;none&quot;,&quot;arrows_color&quot;:&quot;blue&quot;,&quot;arrows_position&quot;:&quot;inside&quot;,&quot;paging_design&quot;:&quot;radio_dots&quot;,&quot;paging_color&quot;:&quot;grey&quot;,&quot;tag&quot;:&quot;vc_media_grid&quot;}\" data-vc-request=\"http:\/\/www.gamperhof.net\/wp-admin\/admin-ajax.php\" data-vc-post-id=\"697\" data-vc-public-nonce=\"53992a5612\">\n\t\t\n\t<\/div>\n<\/div>\n\t<div class=\"wpb_text_column wpb_content_element  vc_custom_1612809328639\" >\n\t\t<div class=\"wpb_wrapper\">\n\t\t\t<ul>\n<li>Gr\u00f6\u00dfe: 40m\u00b2<\/li>\n<li>Persone: 2-4<\/li>\n<li>getrenntes Schlafzimmer<\/li>\n<li>Balcone<\/li>\n<li>Wohnk\u00fcche mit Eckbank<\/li>\n<li>ausziehbare Couch<\/li>\n<li>SAT-TV<\/li>\n<li>WLAN gratuito<\/li>\n<li>Tresore<\/li>\n<li>Doccia \/ WC<\/li>\n<\/ul>\n\n\t\t<\/div>\n\t<\/div>\n<div class=\"vc_btn3-container vc_btn3-inline\" ><a style=\"background-color:#990000; color:#ffffff;\" class=\"vc_general vc_btn3 vc_btn3-size-md vc_btn3-shape-square vc_btn3-style-custom\" href=\"mailto:info@gamperhof.net?subject=AnfrageWohnungGranny\" title=\"\">ab 78,00 - 140,00\u20ac pro Nacht<\/a><\/div><\/div><\/div><\/div><div class=\"wpb_column vc_column_container vc_col-sm-6\"><div class=\"vc_column-inner\"><div class=\"wpb_wrapper\"><h4 style=\"text-align: left\" class=\"vc_custom_heading\" >Appartamento Golden<\/h4>\n<div class=\"vc_grid-container-wrapper vc_clearfix\">\n\t<div class=\"vc_grid-container vc_clearfix wpb_content_element vc_media_grid\" data-initial-loading-animation=\"fadeIn\" data-vc-grid-settings=\"{&quot;page_id&quot;:697,&quot;style&quot;:&quot;pagination&quot;,&quot;action&quot;:&quot;vc_get_vc_grid_data&quot;,&quot;shortcode_id&quot;:&quot;1774606204498-7db620ac68800ccf26e2da1e77b964db-7&quot;,&quot;items_per_page&quot;:&quot;1&quot;,&quot;auto_play&quot;:false,&quot;gap&quot;:5,&quot;speed&quot;:-1000,&quot;loop&quot;:&quot;&quot;,&quot;animation_in&quot;:&quot;&quot;,&quot;animation_out&quot;:&quot;&quot;,&quot;arrows_design&quot;:&quot;none&quot;,&quot;arrows_color&quot;:&quot;blue&quot;,&quot;arrows_position&quot;:&quot;inside&quot;,&quot;paging_design&quot;:&quot;radio_dots&quot;,&quot;paging_color&quot;:&quot;grey&quot;,&quot;tag&quot;:&quot;vc_media_grid&quot;}\" data-vc-request=\"http:\/\/www.gamperhof.net\/wp-admin\/admin-ajax.php\" data-vc-post-id=\"697\" data-vc-public-nonce=\"53992a5612\">\n\t\t\n\t<\/div>\n<\/div>\n\t<div class=\"wpb_text_column wpb_content_element  vc_custom_1612810415417\" >\n\t\t<div class=\"wpb_wrapper\">\n\t\t\t<ul>\n<li>Gr\u00f6\u00dfe: 55m\u00b2<\/li>\n<li>Persone: 2-4<\/li>\n<li>getrenntes Schlafzimmer<\/li>\n<li>Balcone<\/li>\n<li>Wohnk\u00fcche mit Eckbank<\/li>\n<li>SAT-TV<\/li>\n<li>WLAN gratuito<\/li>\n<li>Tresore<\/li>\n<li>Doccia \/ WC<\/li>\n<\/ul>\n\n\t\t<\/div>\n\t<\/div>\n<div class=\"vc_empty_space\"   style=\"height: 3.3vh\"><span class=\"vc_empty_space_inner\"><\/span><\/div><div class=\"vc_btn3-container vc_btn3-right\" ><a style=\"background-color:#990000; color:#ffffff;\" class=\"vc_general vc_btn3 vc_btn3-size-md vc_btn3-shape-square vc_btn3-style-custom\" href=\"mailto:%20info@gamperhof.net?subject=Anfrage%20Wohnung%20Golden\" title=\"\">ab 80,00 - 150,00\u20ac pro Nacht<\/a><\/div><\/div><\/div><\/div><\/div><div class=\"vc_separator wpb_content_element vc_separator_align_center vc_sep_width_100 vc_sep_pos_align_center vc_separator_no_text vc_sep_color_grey\" ><span class=\"vc_sep_holder vc_sep_holder_l\"><span  class=\"vc_sep_line\"><\/span><\/span><span class=\"vc_sep_holder vc_sep_holder_r\"><span  class=\"vc_sep_line\"><\/span><\/span>\n<\/div><\/div><div class=\"vc_row wpb_row vc_inner vc_row-fluid vc_column-gap-35 vc_row-o-equal-height vc_row-o-content-middle vc_row-flex\"><div class=\"wpb_column vc_column_container vc_col-sm-6\"><div class=\"vc_column-inner\"><div class=\"wpb_wrapper\"><div  class=\"vc_toggle vc_toggle_default vc_toggle_color_default  vc_toggle_size_md\"><div class=\"vc_toggle_title\"><h4>Arrivo e partenza?<\/h4><i class=\"vc_toggle_icon\"><\/i><\/div><div class=\"vc_toggle_content\"><p>Am <strong>Anreisetag<\/strong> steht Ihnen Ihre Ferienwohnung ab 14.00 zur Verf\u00fcgung.<br \/>\n(Falls eine Person mehr N\u00e4chtigt wird ein Aufpreis von 25,00\u20ac pro Nacht berechnet.)<\/p>\n<p>Am <strong>Abreisetag<\/strong> k\u00f6nnen Sie Ihre Ferienwohnung bis 9.30 Uhr genie\u00dfen.<\/p>\n<p>Flexible Anreisetage nach Absprache<\/p>\n<\/div><\/div><div  class=\"vc_toggle vc_toggle_default vc_toggle_color_default  vc_toggle_size_md\"><div class=\"vc_toggle_title\"><h4>Cani?<\/h4><i class=\"vc_toggle_icon\"><\/i><\/div><div class=\"vc_toggle_content\"><p>Hunde sind bei uns willkommen. Wir berechnen 15,00 Euro pro Tag ohne Futter.<\/p>\n<\/div><\/div><div  class=\"vc_toggle vc_toggle_default vc_toggle_color_default  vc_toggle_size_md\"><div class=\"vc_toggle_title\"><h4>Pagamento?<\/h4><i class=\"vc_toggle_icon\"><\/i><\/div><div class=\"vc_toggle_content\"><p class=\"translation-block\">Vi chiediamo di pagare in <strong>contanti<\/strong>, non possiamo accettare assegni o carte di credito. non saranno accettate da noi.<\/p>\n<\/div><\/div><div  class=\"vc_toggle vc_toggle_default vc_toggle_color_default  vc_toggle_size_md\"><div class=\"vc_toggle_title\"><h4>Tassa locale?<\/h4><i class=\"vc_toggle_icon\"><\/i><\/div><div class=\"vc_toggle_content\"><p>F\u00fcr alle G\u00e4ste ab 6 Jahren wird eine Gemeindeaufenthaltsabgabe<br \/>\n(Ortstaxe) in H\u00f6he von Euro 2.40 pro Person und Nacht eingehoben. Diese Abgabe ist im Gesamtpreis Ihres Aufenthalts nicht enthalten und kann nor vor Ort bezahlt werden.<\/p>\n<\/div><\/div><div  class=\"vc_toggle vc_toggle_default vc_toggle_color_default  vc_toggle_size_md\"><div class=\"vc_toggle_title\"><h4>Annulare?<\/h4><i class=\"vc_toggle_icon\"><\/i><\/div><div class=\"vc_toggle_content\"><p>Stornierungen sind \u00e4rgerlich, k\u00f6nnen aber passieren. Geben Sie uns bitte schriftlich Bescheid.<br \/>\n<strong>Reiser\u00fccktrittsversicherung<\/strong> \u2013 Wir empfehlen unseren G\u00e4sten den \u201e<a href=\"https:\/\/www.roterhahn.it\/smartedit\/documents\/download\/stornoschutz-de.pdf\" target=\"_blank\" rel=\"noopener\">Roten-HahnStornoschutz<\/a>\u201c\u00a0 in Anspruch nehmen, um etwaige unangenehme Kosten zu vermeiden.<br \/>\n&#8211; Bei einer Stornierung einen Monat vor Anreise berechnen wir 100% des<br \/>\nN\u00e4chtigungspreises. K\u00f6nnen wir die Wohnung wieder vermieten, berechnen wir keine Spesen. Das Angeld wird von uns einbehalten.<\/p>\n<\/div><\/div><div  class=\"vc_toggle vc_toggle_default vc_toggle_color_default  vc_toggle_size_md\"><div class=\"vc_toggle_title\"><h4>Cosa \u00e9 incluso nel prezzo?<\/h4><i class=\"vc_toggle_icon\"><\/i><\/div><div class=\"vc_toggle_content\"><p>Im Preis enthalten sind:<br \/>\nMeranCard Algund Plus, Parkplatz bzw. Garage, Unterstellm\u00f6glichkeit f\u00fcr Fahrr\u00e4der, Liegewiese mit Grillm\u00f6glichkeit, Kinderspielplatz, Tischtennis und Tischfu\u00dfball, kleine Hausbibliothek, kostenloses W-LAN, Safe, TV-Sat mit Radio, Geschirr, Bettw\u00e4sche, Handt\u00fccher, Geschirrt\u00fccher, Kaffeemaschine, K\u00fchlschrank, Babybett &amp; Kinderstuhl (bei Reservierung angeben)<\/p>\n<\/div><\/div><div  class=\"vc_toggle vc_toggle_default vc_toggle_color_default  vc_toggle_size_md\"><div class=\"vc_toggle_title\"><h4>Nessuna email ricevuta?<\/h4><i class=\"vc_toggle_icon\"><\/i><\/div><div class=\"vc_toggle_content\"><p>Controlla la tua cartella spam o chiama direttamente.<\/p>\n<\/div><\/div><\/div><\/div><\/div><div class=\"wpb_column vc_column_container vc_col-sm-6\"><div class=\"vc_column-inner\"><div class=\"wpb_wrapper\">\t\n\t<!-- BEGIN .sohohotel-testimonial-wrapper -->\n\t<div class=\"sohohotel-testimonial-wrapper-1 sohohotel-testimonials-border-1\">\n\t\n\t\t\t\t\n\t\t\t<!-- BEGIN .sohohotel-testimonial-list- -->\n\t\t\t<div class=\"sohohotel-testimonial-list sohohotel-owl-carousel-1\">\n\t\n\t\t\t\t\t\t\t\n\t\t\t\t\t\t\t\t\n\t\t\t\t<!-- BEGIN .sohohotel-testimonial-block -->\n\t\t\t\t<div class=\"sohohotel-testimonial-block\">\n\t\t\t\t\t\n\t\t\t\t\t<div>\n\t\t\t\t\t\t<span class=\"sohohotel-open-quote\">\u201c<\/span>\n\t\t\t\t\t\t\t\t\t\t\t\t<p>Mega bello e molto spazioso appartamento per le vacanze, volentieri di nuovo!<\/p>\n<a href=\"http:\/\/www.gamperhof.net\/it\/testimonials\/testimonial-3\/\" class=\"sohohotel-more-link\">Read More<i class=\"fa fa-angle-right\"><\/i><\/a>\t\t\t\t\t\t<span class=\"sohohotel-close-quote\">\u201d<\/span>\n\t\t\t\t\t<\/div>\n\n\t\t\t\t\t\n\t\t\t\t\t<div class=\"sohohotel-testimonial-author\"><p>Stefan T. - \u2b50\u2b50\u2b50\u2b50\u2b50<\/p><\/div>\n\n\t\t\t\t<!-- END .sohohotel-testimonial-block -->\n\t\t\t\t<\/div>\n\t\t\t\n\t\t\t\t\t\t\t\n\t\t\t\t\t\t\t\t\n\t\t\t\t<!-- BEGIN .sohohotel-testimonial-block -->\n\t\t\t\t<div class=\"sohohotel-testimonial-block\">\n\t\t\t\t\t\n\t\t\t\t\t<div>\n\t\t\t\t\t\t<span class=\"sohohotel-open-quote\">\u201c<\/span>\n\t\t\t\t\t\t\t\t\t\t\t\t<p>Super posizione, la famiglia Gamper \u00e8 molto bella e molto utile ancora e ancora!<\/p>\n<a href=\"http:\/\/www.gamperhof.net\/it\/testimonials\/testimonial-2\/\" class=\"sohohotel-more-link\">Read More<i class=\"fa fa-angle-right\"><\/i><\/a>\t\t\t\t\t\t<span class=\"sohohotel-close-quote\">\u201d<\/span>\n\t\t\t\t\t<\/div>\n\n\t\t\t\t\t\n\t\t\t\t\t<div class=\"sohohotel-testimonial-author\"><p>Markus J. - \u2b50\u2b50\u2b50\u2b50\u2b50<\/p><\/div>\n\n\t\t\t\t<!-- END .sohohotel-testimonial-block -->\n\t\t\t\t<\/div>\n\t\t\t\n\t\t\t\t\t\t\t\n\t\t\t\t\t\t\t\t\n\t\t\t\t<!-- BEGIN .sohohotel-testimonial-block -->\n\t\t\t\t<div class=\"sohohotel-testimonial-block\">\n\t\t\t\t\t\n\t\t\t\t\t<div>\n\t\t\t\t\t\t<span class=\"sohohotel-open-quote\">\u201c<\/span>\n\t\t\t\t\t\t\t\t\t\t\t\t<p>Maso meraviglioso, perfettamente ristrutturato, vicino al centro di Merano. Immerso nel verde e con un panorama mozzafiato! Personale cordialissimo e molto disponibile! \u00c9 fornito di parcheggi privati, deposito per bici o passeggini, sdraio e giochi a disposizione! Lo consiglierei a chiunque!<\/p>\n<a href=\"http:\/\/www.gamperhof.net\/it\/testimonials\/testimonial-1\/\" class=\"sohohotel-more-link\">Read More<i class=\"fa fa-angle-right\"><\/i><\/a>\t\t\t\t\t\t<span class=\"sohohotel-close-quote\">\u201d<\/span>\n\t\t\t\t\t<\/div>\n\n\t\t\t\t\t\n\t\t\t\t\t<div class=\"sohohotel-testimonial-author\"><p>Valeria C. - \u2b50\u2b50\u2b50\u2b50\u2b50<\/p><\/div>\n\n\t\t\t\t<!-- END .sohohotel-testimonial-block -->\n\t\t\t\t<\/div>\n\t\t\t\n\t\t\t\t\t\n\t\t\t<!-- END .sohohotel-testimonial-list -->\n\t\t\t<\/div>\n\t\t\n\t\t\t\t\n\t<!-- END .sohohotel-testimonial-wrapper -->\n\t<\/div>\n\t\t\n\t<\/div><\/div><\/div><\/div>","protected":false},"excerpt":{"rendered":"Maso meraviglioso, perfettamente ristrutturato, vicino al centro di Merano. Immerso nel verde e con un panorama mozzafiato! Personale cordialissimo e molto disponibile! \u00c9 fornito di parcheggi privati, deposito per bici o passeggini, sdraio e giochi a disposizione! Lo consiglierei a chiunque!<a href=\"http:\/\/www.gamperhof.net\/it\/testimonials\/testimonial-1\/\" class=\"sohohotel-more-link\">Read More<i class=\"fa fa-angle-right\"><\/i><\/a>","protected":false},"author":1,"featured_media":0,"parent":0,"menu_order":0,"comment_status":"closed","ping_status":"closed","template":"","meta":[],"_links":{"self":[{"href":"http:\/\/www.gamperhof.net\/it\/wp-json\/wp\/v2\/pages\/697"}],"collection":[{"href":"http:\/\/www.gamperhof.net\/it\/wp-json\/wp\/v2\/pages"}],"about":[{"href":"http:\/\/www.gamperhof.net\/it\/wp-json\/wp\/v2\/types\/page"}],"author":[{"embeddable":true,"href":"http:\/\/www.gamperhof.net\/it\/wp-json\/wp\/v2\/users\/1"}],"replies":[{"embeddable":true,"href":"http:\/\/www.gamperhof.net\/it\/wp-json\/wp\/v2\/comments?post=697"}],"version-history":[{"count":58,"href":"http:\/\/www.gamperhof.net\/it\/wp-json\/wp\/v2\/pages\/697\/revisions"}],"predecessor-version":[{"id":901,"href":"http:\/\/www.gamperhof.net\/it\/wp-json\/wp\/v2\/pages\/697\/revisions\/901"}],"wp:attachment":[{"href":"http:\/\/www.gamperhof.net\/it\/wp-json\/wp\/v2\/media?parent=697"}],"curies":[{"name":"wp","href":"https:\/\/api.w.org\/{rel}","templated":true}]}}